{"id":8465,"date":"2021-11-03T15:48:07","date_gmt":"2021-11-03T15:48:07","guid":{"rendered":"https:\/\/sattel.cl\/?page_id=8465"},"modified":"2024-12-09T12:44:28","modified_gmt":"2024-12-09T12:44:28","slug":"responsabilidad-social-empresarial","status":"publish","type":"page","link":"http:\/\/www.sattelchile.cl\/en\/empresa\/responsabilidad-social-empresarial\/","title":{"rendered":"RSE"},"content":{"rendered":"<div data-elementor-type=\"wp-page\" data-elementor-id=\"8465\" class=\"elementor elementor-8465\">\n\t\t\t\t\t\t\t\t\t<section class=\"elementor-section elementor-top-section elementor-element elementor-element-867861b elementor-section-boxed elementor-section-height-default elementor-section-height-default\" data-id=\"867861b\" data-element_type=\"section\">\n\t\t\t\t\t\t<div class=\"elementor-container elementor-column-gap-default\">\n\t\t\t\t\t<div class=\"elementor-column elementor-col-100 elementor-top-column elementor-element elementor-element-e45a749\" data-id=\"e45a749\" data-element_type=\"column\">\n\t\t\t<div class=\"elementor-widget-wrap elementor-element-populated\">\n\t\t\t\t\t\t\t\t<div class=\"elementor-element elementor-element-340e78b premium-header-block elementor-invisible elementor-widget elementor-widget-premium-addon-dual-header\" data-id=\"340e78b\" data-element_type=\"widget\" data-settings=\"{&quot;_animation&quot;:&quot;fadeIn&quot;}\" data-widget_type=\"premium-addon-dual-header.default\">\n\t\t\t\t<div class=\"elementor-widget-container\">\n\t\t\t\r\n\t\t\t\t\t<p class=\"premium-dual-header-first-header\"><span class=\"premium-dual-header-first-span\">Corporate Social Responsibility <\/span><\/p> \t\t\r\n\t\t\t\t<\/div>\n\t\t\t\t<\/div>\n\t\t\t\t\t<\/div>\n\t\t<\/div>\n\t\t\t\t\t\t\t<\/div>\n\t\t<\/section>\n\t\t\t\t<section class=\"elementor-section elementor-top-section elementor-element elementor-element-ae82516 elementor-section-boxed elementor-section-height-default elementor-section-height-default\" data-id=\"ae82516\" data-element_type=\"section\">\n\t\t\t\t\t\t<div class=\"elementor-container elementor-column-gap-default\">\n\t\t\t\t\t<div class=\"elementor-column elementor-col-100 elementor-top-column elementor-element elementor-element-9b5b39d\" data-id=\"9b5b39d\" data-element_type=\"column\">\n\t\t\t<div class=\"elementor-widget-wrap elementor-element-populated\">\n\t\t\t\t\t\t\t\t<div class=\"elementor-element elementor-element-cdf19cc elementor-widget elementor-widget-text-editor\" data-id=\"cdf19cc\" data-element_type=\"widget\" data-widget_type=\"text-editor.default\">\n\t\t\t\t<div class=\"elementor-widget-container\">\n\t\t\t<style>\/*! elementor - v3.15.0 - 09-08-2023 *\/\n.elementor-widget-text-editor.elementor-drop-cap-view-stacked .elementor-drop-cap{background-color:#69727d;color:#fff}.elementor-widget-text-editor.elementor-drop-cap-view-framed .elementor-drop-cap{color:#69727d;border:3px solid;background-color:transparent}.elementor-widget-text-editor:not(.elementor-drop-cap-view-default) .elementor-drop-cap{margin-top:8px}.elementor-widget-text-editor:not(.elementor-drop-cap-view-default) .elementor-drop-cap-letter{width:1em;height:1em}.elementor-widget-text-editor .elementor-drop-cap{float:left;text-align:center;line-height:1;font-size:50px}.elementor-widget-text-editor .elementor-drop-cap-letter{display:inline-block}<\/style>\t\t\t\t<p>En Sattel Chile, creemos firmemente que el \u00e9xito no solo se mide por nuestros logros econ\u00f3micos, sino tambi\u00e9n por el impacto positivo que generamos en nuestras comunidades. Nos enorgullece compartir algunas de nuestras iniciativas sociales que est\u00e1n marcando la diferencia:<\/p>\n<ol>\n<li>\n<p><strong>Programas Trainee y pr\u00e1cticas<\/strong>\u00a0<\/p>\n<ul>\n<li>Nos hemos asociado con escuelas locales para ofrecer cupos de pr\u00e1cticas y trainee, que preparan a los j\u00f3venes para un futuro exitoso.<\/li>\n<\/ul>\n<\/li>\n<li>\n<p><strong>Apoyo a eventos de la comunidad<\/strong><\/p>\n<ul>\n<li>Aportamos en la realizaci\u00f3n de distintas festividades de varias comunidades de la ciudad de Copiap\u00f3, desde juntas de vecinos como instituciones.<\/li>\n<\/ul>\n<\/li>\n<li>\n<p><strong>Iniciativas y eventos Deportivos<\/strong>\u00a0<\/p>\n<ul>\n<li>Fomentamos la realizaci\u00f3n de la actividad deportiva, realizando donaciones a\u00a0 eventos deportivos, clubes y deportistas locales destacados.<\/li>\n<\/ul>\n<\/li>\n<\/ol>\n\t\t\t\t\t\t<\/div>\n\t\t\t\t<\/div>\n\t\t\t\t\t<\/div>\n\t\t<\/div>\n\t\t\t\t\t\t\t<\/div>\n\t\t<\/section>\n\t\t\t\t<section class=\"elementor-section elementor-top-section elementor-element elementor-element-8efeb15 elementor-section-boxed elementor-section-height-default elementor-section-height-default\" data-id=\"8efeb15\" data-element_type=\"section\">\n\t\t\t\t\t\t<div class=\"elementor-container elementor-column-gap-default\">\n\t\t\t\t\t<div class=\"elementor-column elementor-col-100 elementor-top-column elementor-element elementor-element-b563544\" data-id=\"b563544\" data-element_type=\"column\">\n\t\t\t<div class=\"elementor-widget-wrap elementor-element-populated\">\n\t\t\t\t\t\t\t\t<div class=\"elementor-element elementor-element-4a31a60 premium-header-block animated-slow elementor-invisible elementor-widget elementor-widget-premium-addon-dual-header\" data-id=\"4a31a60\" data-element_type=\"widget\" data-settings=\"{&quot;_animation&quot;:&quot;fadeInDown&quot;}\" data-widget_type=\"premium-addon-dual-header.default\">\n\t\t\t\t<div class=\"elementor-widget-container\">\n\t\t\t\r\n\t\t\t\t\t<p class=\"premium-dual-header-first-header\"><span class=\"premium-dual-header-first-span\">A\u00f1o 2024 <\/span><\/p> \t\t\r\n\t\t\t\t<\/div>\n\t\t\t\t<\/div>\n\t\t\t\t\t<\/div>\n\t\t<\/div>\n\t\t\t\t\t\t\t<\/div>\n\t\t<\/section>\n\t\t\t\t<section class=\"elementor-section elementor-top-section elementor-element elementor-element-e7b8219 elementor-section-boxed elementor-section-height-default elementor-section-height-default\" data-id=\"e7b8219\" data-element_type=\"section\">\n\t\t\t\t\t\t<div class=\"elementor-container elementor-column-gap-default\">\n\t\t\t\t\t<div class=\"elementor-column elementor-col-25 elementor-top-column elementor-element elementor-element-14297e0\" data-id=\"14297e0\" data-element_type=\"column\">\n\t\t\t<div class=\"elementor-widget-wrap elementor-element-populated\">\n\t\t\t\t\t\t\t\t<div class=\"elementor-element elementor-element-df7f457 elementor-position-top elementor-invisible elementor-widget elementor-widget-image-box\" data-id=\"df7f457\" data-element_type=\"widget\" data-settings=\"{&quot;_animation&quot;:&quot;fadeInDown&quot;}\" data-widget_type=\"image-box.default\">\n\t\t\t\t<div class=\"elementor-widget-container\">\n\t\t\t<style>\/*! elementor - v3.15.0 - 09-08-2023 *\/\n.elementor-widget-image-box .elementor-image-box-content{width:100%}@media (min-width:768px){.elementor-widget-image-box.elementor-position-left .elementor-image-box-wrapper,.elementor-widget-image-box.elementor-position-right .elementor-image-box-wrapper{display:flex}.elementor-widget-image-box.elementor-position-right .elementor-image-box-wrapper{text-align:right;flex-direction:row-reverse}.elementor-widget-image-box.elementor-position-left .elementor-image-box-wrapper{text-align:left;flex-direction:row}.elementor-widget-image-box.elementor-position-top .elementor-image-box-img{margin:auto}.elementor-widget-image-box.elementor-vertical-align-top .elementor-image-box-wrapper{align-items:flex-start}.elementor-widget-image-box.elementor-vertical-align-middle .elementor-image-box-wrapper{align-items:center}.elementor-widget-image-box.elementor-vertical-align-bottom .elementor-image-box-wrapper{align-items:flex-end}}@media (max-width:767px){.elementor-widget-image-box .elementor-image-box-img{margin-left:auto!important;margin-right:auto!important;margin-bottom:15px}}.elementor-widget-image-box .elementor-image-box-img{display:inline-block}.elementor-widget-image-box .elementor-image-box-title a{color:inherit}.elementor-widget-image-box .elementor-image-box-wrapper{text-align:center}.elementor-widget-image-box .elementor-image-box-description{margin:0}<\/style><div class=\"elementor-image-box-wrapper\"><figure class=\"elementor-image-box-img\"><img loading=\"lazy\" decoding=\"async\" width=\"300\" height=\"243\" src=\"http:\/\/www.sattelchile.cl\/wp-content\/uploads\/2024\/06\/donacion-2024-web-300x243.jpg\" class=\"elementor-animation-grow attachment-medium size-medium wp-image-11765\" alt=\"\" srcset=\"http:\/\/www.sattelchile.cl\/wp-content\/uploads\/2024\/06\/donacion-2024-web-300x243.jpg 300w, http:\/\/www.sattelchile.cl\/wp-content\/uploads\/2024\/06\/donacion-2024-web-1024x830.jpg 1024w, http:\/\/www.sattelchile.cl\/wp-content\/uploads\/2024\/06\/donacion-2024-web-768x623.jpg 768w, http:\/\/www.sattelchile.cl\/wp-content\/uploads\/2024\/06\/donacion-2024-web-15x12.jpg 15w, http:\/\/www.sattelchile.cl\/wp-content\/uploads\/2024\/06\/donacion-2024-web-900x730.jpg 900w, http:\/\/www.sattelchile.cl\/wp-content\/uploads\/2024\/06\/donacion-2024-web.jpg 1200w\" sizes=\"auto, (max-width: 300px) 100vw, 300px\" \/><\/figure><div class=\"elementor-image-box-content\"><p class=\"elementor-image-box-title\">Donaci\u00f3n JDV Codelco<\/p><p class=\"elementor-image-box-description\">Realizamos la donaci\u00f3n de material para que la junta de vecinos de la villa Codelco realizaran cierre perimetral de su sede, aumentando la seguridad del local.<\/p><\/div><\/div>\t\t<\/div>\n\t\t\t\t<\/div>\n\t\t\t\t\t<\/div>\n\t\t<\/div>\n\t\t\t\t<div class=\"elementor-column elementor-col-25 elementor-top-column elementor-element elementor-element-54c3425\" data-id=\"54c3425\" data-element_type=\"column\">\n\t\t\t<div class=\"elementor-widget-wrap elementor-element-populated\">\n\t\t\t\t\t\t\t\t<div class=\"elementor-element elementor-element-6f38c90 elementor-position-top elementor-invisible elementor-widget elementor-widget-image-box\" data-id=\"6f38c90\" data-element_type=\"widget\" data-settings=\"{&quot;_animation&quot;:&quot;fadeInDown&quot;}\" data-widget_type=\"image-box.default\">\n\t\t\t\t<div class=\"elementor-widget-container\">\n\t\t\t<div class=\"elementor-image-box-wrapper\"><figure class=\"elementor-image-box-img\"><img loading=\"lazy\" decoding=\"async\" width=\"425\" height=\"349\" src=\"http:\/\/www.sattelchile.cl\/wp-content\/uploads\/2024\/06\/web-02.png\" class=\"elementor-animation-grow attachment-medium_large size-medium_large wp-image-11768\" alt=\"\" srcset=\"http:\/\/www.sattelchile.cl\/wp-content\/uploads\/2024\/06\/web-02.png 425w, http:\/\/www.sattelchile.cl\/wp-content\/uploads\/2024\/06\/web-02-300x246.png 300w, http:\/\/www.sattelchile.cl\/wp-content\/uploads\/2024\/06\/web-02-15x12.png 15w\" sizes=\"auto, (max-width: 425px) 100vw, 425px\" \/><\/figure><div class=\"elementor-image-box-content\"><p class=\"elementor-image-box-title\">Auspicio Deportista Local<\/p><p class=\"elementor-image-box-description\">Para apoyar al deporte local realizamos una donaci\u00f3n para deportista local seleccionado en Universidad de Chile para sus traslados a Santiago.<\/p><\/div><\/div>\t\t<\/div>\n\t\t\t\t<\/div>\n\t\t\t\t\t<\/div>\n\t\t<\/div>\n\t\t\t\t<div class=\"elementor-column elementor-col-25 elementor-top-column elementor-element elementor-element-dc9fbcc\" data-id=\"dc9fbcc\" data-element_type=\"column\">\n\t\t\t<div class=\"elementor-widget-wrap elementor-element-populated\">\n\t\t\t\t\t\t\t\t<div class=\"elementor-element elementor-element-9485ddc elementor-position-top elementor-invisible elementor-widget elementor-widget-image-box\" data-id=\"9485ddc\" data-element_type=\"widget\" data-settings=\"{&quot;_animation&quot;:&quot;fadeInDown&quot;}\" data-widget_type=\"image-box.default\">\n\t\t\t\t<div class=\"elementor-widget-container\">\n\t\t\t<div class=\"elementor-image-box-wrapper\"><figure class=\"elementor-image-box-img\"><img loading=\"lazy\" decoding=\"async\" width=\"768\" height=\"619\" src=\"http:\/\/www.sattelchile.cl\/wp-content\/uploads\/2024\/06\/1719351773596-Web-768x619.jpg\" class=\"elementor-animation-grow attachment-medium_large size-medium_large wp-image-11783\" alt=\"\" srcset=\"http:\/\/www.sattelchile.cl\/wp-content\/uploads\/2024\/06\/1719351773596-Web-768x619.jpg 768w, http:\/\/www.sattelchile.cl\/wp-content\/uploads\/2024\/06\/1719351773596-Web-300x242.jpg 300w, http:\/\/www.sattelchile.cl\/wp-content\/uploads\/2024\/06\/1719351773596-Web-15x12.jpg 15w, http:\/\/www.sattelchile.cl\/wp-content\/uploads\/2024\/06\/1719351773596-Web-900x726.jpg 900w, http:\/\/www.sattelchile.cl\/wp-content\/uploads\/2024\/06\/1719351773596-Web.jpg 960w\" sizes=\"auto, (max-width: 768px) 100vw, 768px\" \/><\/figure><div class=\"elementor-image-box-content\"><p class=\"elementor-image-box-title\">Donaci\u00f3n Agrupaci\u00f3n<\/p><p class=\"elementor-image-box-description\">Con el fin de aportar a instituciones sin fines de lucro realizamos la donaci\u00f3n para la realizaci\u00f3n de almuerzo campestre de agrupaci\u00f3n y sus adultos mayores.<\/p><\/div><\/div>\t\t<\/div>\n\t\t\t\t<\/div>\n\t\t\t\t\t<\/div>\n\t\t<\/div>\n\t\t\t\t<div class=\"elementor-column elementor-col-25 elementor-top-column elementor-element elementor-element-d9c9db2\" data-id=\"d9c9db2\" data-element_type=\"column\">\n\t\t\t<div class=\"elementor-widget-wrap elementor-element-populated\">\n\t\t\t\t\t\t\t\t<div class=\"elementor-element elementor-element-1a42ef7 elementor-position-top elementor-invisible elementor-widget elementor-widget-image-box\" data-id=\"1a42ef7\" data-element_type=\"widget\" data-settings=\"{&quot;_animation&quot;:&quot;fadeInDown&quot;}\" data-widget_type=\"image-box.default\">\n\t\t\t\t<div class=\"elementor-widget-container\">\n\t\t\t<div class=\"elementor-image-box-wrapper\"><figure class=\"elementor-image-box-img\"><img loading=\"lazy\" decoding=\"async\" width=\"662\" height=\"555\" src=\"http:\/\/www.sattelchile.cl\/wp-content\/uploads\/2024\/08\/Foto-4.png\" class=\"elementor-animation-grow attachment-medium_large size-medium_large wp-image-12041\" alt=\"\" srcset=\"http:\/\/www.sattelchile.cl\/wp-content\/uploads\/2024\/08\/Foto-4.png 662w, http:\/\/www.sattelchile.cl\/wp-content\/uploads\/2024\/08\/Foto-4-300x252.png 300w, http:\/\/www.sattelchile.cl\/wp-content\/uploads\/2024\/08\/Foto-4-14x12.png 14w\" sizes=\"auto, (max-width: 662px) 100vw, 662px\" \/><\/figure><div class=\"elementor-image-box-content\"><p class=\"elementor-image-box-title\">Donaci\u00f3n Club Santa Elvira<\/p><p class=\"elementor-image-box-description\">Para la celebraci\u00f3n del d\u00eda del ni\u00f1o del Club Santa Elvira, realizamos un aporte monetario a la entidad. La celebraci\u00f3n cont\u00f3 con juegos inflables y din\u00e1micas.<\/p><\/div><\/div>\t\t<\/div>\n\t\t\t\t<\/div>\n\t\t\t\t\t<\/div>\n\t\t<\/div>\n\t\t\t\t\t\t\t<\/div>\n\t\t<\/section>\n\t\t\t\t<section class=\"elementor-section elementor-top-section elementor-element elementor-element-1836898 elementor-section-boxed elementor-section-height-default elementor-section-height-default\" data-id=\"1836898\" data-element_type=\"section\">\n\t\t\t\t\t\t<div class=\"elementor-container elementor-column-gap-default\">\n\t\t\t\t\t<div class=\"elementor-column elementor-col-25 elementor-top-column elementor-element elementor-element-3a629c6\" data-id=\"3a629c6\" data-element_type=\"column\">\n\t\t\t<div class=\"elementor-widget-wrap elementor-element-populated\">\n\t\t\t\t\t\t\t\t<div class=\"elementor-element elementor-element-83b11b7 elementor-position-top elementor-invisible elementor-widget elementor-widget-image-box\" data-id=\"83b11b7\" data-element_type=\"widget\" data-settings=\"{&quot;_animation&quot;:&quot;fadeInDown&quot;}\" data-widget_type=\"image-box.default\">\n\t\t\t\t<div class=\"elementor-widget-container\">\n\t\t\t<div class=\"elementor-image-box-wrapper\"><figure class=\"elementor-image-box-img\"><img loading=\"lazy\" decoding=\"async\" width=\"300\" height=\"212\" src=\"http:\/\/www.sattelchile.cl\/wp-content\/uploads\/2024\/12\/Donacion-bingo-300x212.jpg\" class=\"elementor-animation-grow attachment-medium size-medium wp-image-12500\" alt=\"\" srcset=\"http:\/\/www.sattelchile.cl\/wp-content\/uploads\/2024\/12\/Donacion-bingo-300x212.jpg 300w, http:\/\/www.sattelchile.cl\/wp-content\/uploads\/2024\/12\/Donacion-bingo-1024x724.jpg 1024w, http:\/\/www.sattelchile.cl\/wp-content\/uploads\/2024\/12\/Donacion-bingo-768x543.jpg 768w, http:\/\/www.sattelchile.cl\/wp-content\/uploads\/2024\/12\/Donacion-bingo-1536x1086.jpg 1536w, http:\/\/www.sattelchile.cl\/wp-content\/uploads\/2024\/12\/Donacion-bingo-2048x1448.jpg 2048w, http:\/\/www.sattelchile.cl\/wp-content\/uploads\/2024\/12\/Donacion-bingo-18x12.jpg 18w, http:\/\/www.sattelchile.cl\/wp-content\/uploads\/2024\/12\/Donacion-bingo-900x636.jpg 900w\" sizes=\"auto, (max-width: 300px) 100vw, 300px\" \/><\/figure><div class=\"elementor-image-box-content\"><p class=\"elementor-image-box-title\">Donaci\u00f3n Bingo Club Sta Elvira<\/p><p class=\"elementor-image-box-description\">Para continuar con el apoyo a las entidades del sector de Santa Elvira se realiz\u00f3 donaci\u00f3n de premio para bingo familiar organizado a beneficio del club deportivo Santa Elvira.<\/p><\/div><\/div>\t\t<\/div>\n\t\t\t\t<\/div>\n\t\t\t\t\t<\/div>\n\t\t<\/div>\n\t\t\t\t<div class=\"elementor-column elementor-col-25 elementor-top-column elementor-element elementor-element-ec0e7a8\" data-id=\"ec0e7a8\" data-element_type=\"column\">\n\t\t\t<div class=\"elementor-widget-wrap elementor-element-populated\">\n\t\t\t\t\t\t\t\t<div class=\"elementor-element elementor-element-2998d33 elementor-position-top elementor-invisible elementor-widget elementor-widget-image-box\" data-id=\"2998d33\" data-element_type=\"widget\" data-settings=\"{&quot;_animation&quot;:&quot;fadeInDown&quot;}\" data-widget_type=\"image-box.default\">\n\t\t\t\t<div class=\"elementor-widget-container\">\n\t\t\t<div class=\"elementor-image-box-wrapper\"><figure class=\"elementor-image-box-img\"><img loading=\"lazy\" decoding=\"async\" width=\"300\" height=\"215\" src=\"http:\/\/www.sattelchile.cl\/wp-content\/uploads\/2024\/12\/Atletismo-Senior-2-300x215.png\" class=\"elementor-animation-grow attachment-medium size-medium wp-image-12499\" alt=\"\" srcset=\"http:\/\/www.sattelchile.cl\/wp-content\/uploads\/2024\/12\/Atletismo-Senior-2-300x215.png 300w, http:\/\/www.sattelchile.cl\/wp-content\/uploads\/2024\/12\/Atletismo-Senior-2-18x12.png 18w, http:\/\/www.sattelchile.cl\/wp-content\/uploads\/2024\/12\/Atletismo-Senior-2-350x250.png 350w, http:\/\/www.sattelchile.cl\/wp-content\/uploads\/2024\/12\/Atletismo-Senior-2-255x182.png 255w, http:\/\/www.sattelchile.cl\/wp-content\/uploads\/2024\/12\/Atletismo-Senior-2.png 700w\" sizes=\"auto, (max-width: 300px) 100vw, 300px\" \/><\/figure><div class=\"elementor-image-box-content\"><p class=\"elementor-image-box-title\">Patrocinio Campeonato <\/p><p class=\"elementor-image-box-description\">Para impulsar el deporte local patrocinamos la realizaci\u00f3n del Campeonato Nacional de Atletismo Senior, realizado en el mes de noviembre en los complejos deportivos de Copiap\u00f3.<\/p><\/div><\/div>\t\t<\/div>\n\t\t\t\t<\/div>\n\t\t\t\t\t<\/div>\n\t\t<\/div>\n\t\t\t\t<div class=\"elementor-column elementor-col-25 elementor-top-column elementor-element elementor-element-2515a0b\" data-id=\"2515a0b\" data-element_type=\"column\">\n\t\t\t<div class=\"elementor-widget-wrap elementor-element-populated\">\n\t\t\t\t\t\t\t\t<div class=\"elementor-element elementor-element-038353c elementor-position-top elementor-invisible elementor-widget elementor-widget-image-box\" data-id=\"038353c\" data-element_type=\"widget\" data-settings=\"{&quot;_animation&quot;:&quot;fadeInDown&quot;}\" data-widget_type=\"image-box.default\">\n\t\t\t\t<div class=\"elementor-widget-container\">\n\t\t\t<div class=\"elementor-image-box-wrapper\"><figure class=\"elementor-image-box-img\"><img loading=\"lazy\" decoding=\"async\" width=\"300\" height=\"228\" src=\"http:\/\/www.sattelchile.cl\/wp-content\/uploads\/2024\/12\/Premiacion-deportistas-2-300x228.jpg\" class=\"elementor-animation-grow attachment-medium size-medium wp-image-12576\" alt=\"\" srcset=\"http:\/\/www.sattelchile.cl\/wp-content\/uploads\/2024\/12\/Premiacion-deportistas-2-300x228.jpg 300w, http:\/\/www.sattelchile.cl\/wp-content\/uploads\/2024\/12\/Premiacion-deportistas-2-768x584.jpg 768w, http:\/\/www.sattelchile.cl\/wp-content\/uploads\/2024\/12\/Premiacion-deportistas-2-16x12.jpg 16w, http:\/\/www.sattelchile.cl\/wp-content\/uploads\/2024\/12\/Premiacion-deportistas-2.jpg 835w\" sizes=\"auto, (max-width: 300px) 100vw, 300px\" \/><\/figure><div class=\"elementor-image-box-content\"><p class=\"elementor-image-box-title\">Premiaci\u00f3n deportistas<\/p><p class=\"elementor-image-box-description\">Realizamos una donaci\u00f3n para la ceremonia de premiaci\u00f3n a deportistas locales, realizada el pasado 06 de diciembre.<\/p><\/div><\/div>\t\t<\/div>\n\t\t\t\t<\/div>\n\t\t\t\t\t<\/div>\n\t\t<\/div>\n\t\t\t\t<div class=\"elementor-column elementor-col-25 elementor-top-column elementor-element elementor-element-68fb4bf\" data-id=\"68fb4bf\" data-element_type=\"column\">\n\t\t\t<div class=\"elementor-widget-wrap\">\n\t\t\t\t\t\t\t\t\t<\/div>\n\t\t<\/div>\n\t\t\t\t\t\t\t<\/div>\n\t\t<\/section>\n\t\t\t\t<section class=\"elementor-section elementor-top-section elementor-element elementor-element-4716f0e elementor-section-boxed elementor-section-height-default elementor-section-height-default\" data-id=\"4716f0e\" data-element_type=\"section\">\n\t\t\t\t\t\t<div class=\"elementor-container elementor-column-gap-default\">\n\t\t\t\t\t<div class=\"elementor-column elementor-col-100 elementor-top-column elementor-element elementor-element-8a9a2db\" data-id=\"8a9a2db\" data-element_type=\"column\">\n\t\t\t<div class=\"elementor-widget-wrap elementor-element-populated\">\n\t\t\t\t\t\t\t\t<div class=\"elementor-element elementor-element-9b4d9bd premium-header-block animated-slow elementor-invisible elementor-widget elementor-widget-premium-addon-dual-header\" data-id=\"9b4d9bd\" data-element_type=\"widget\" data-settings=\"{&quot;_animation&quot;:&quot;fadeInDown&quot;}\" data-widget_type=\"premium-addon-dual-header.default\">\n\t\t\t\t<div class=\"elementor-widget-container\">\n\t\t\t\r\n\t\t\t\t\t<p class=\"premium-dual-header-first-header\"><span class=\"premium-dual-header-first-span\">A\u00f1o 2023 <\/span><\/p> \t\t\r\n\t\t\t\t<\/div>\n\t\t\t\t<\/div>\n\t\t\t\t\t<\/div>\n\t\t<\/div>\n\t\t\t\t\t\t\t<\/div>\n\t\t<\/section>\n\t\t\t\t<section class=\"elementor-section elementor-top-section elementor-element elementor-element-ade028e elementor-section-boxed elementor-section-height-default elementor-section-height-default\" data-id=\"ade028e\" data-element_type=\"section\">\n\t\t\t\t\t\t<div class=\"elementor-container elementor-column-gap-default\">\n\t\t\t\t\t<div class=\"elementor-column elementor-col-25 elementor-top-column elementor-element elementor-element-4cb7774\" data-id=\"4cb7774\" data-element_type=\"column\">\n\t\t\t<div class=\"elementor-widget-wrap elementor-element-populated\">\n\t\t\t\t\t\t\t\t<div class=\"elementor-element elementor-element-194258d elementor-position-top elementor-invisible elementor-widget elementor-widget-image-box\" data-id=\"194258d\" data-element_type=\"widget\" data-settings=\"{&quot;_animation&quot;:&quot;fadeInDown&quot;}\" data-widget_type=\"image-box.default\">\n\t\t\t\t<div class=\"elementor-widget-container\">\n\t\t\t<div class=\"elementor-image-box-wrapper\"><figure class=\"elementor-image-box-img\"><img loading=\"lazy\" decoding=\"async\" width=\"300\" height=\"196\" src=\"http:\/\/www.sattelchile.cl\/wp-content\/uploads\/2024\/06\/Padel-web-300x196.png\" class=\"elementor-animation-grow attachment-medium size-medium wp-image-11738\" alt=\"\" srcset=\"http:\/\/www.sattelchile.cl\/wp-content\/uploads\/2024\/06\/Padel-web-300x196.png 300w, http:\/\/www.sattelchile.cl\/wp-content\/uploads\/2024\/06\/Padel-web-768x501.png 768w, http:\/\/www.sattelchile.cl\/wp-content\/uploads\/2024\/06\/Padel-web-18x12.png 18w, http:\/\/www.sattelchile.cl\/wp-content\/uploads\/2024\/06\/Padel-web.png 840w\" sizes=\"auto, (max-width: 300px) 100vw, 300px\" \/><\/figure><div class=\"elementor-image-box-content\"><p class=\"elementor-image-box-title\">Patrocinio Campeonato de Padel<\/p><p class=\"elementor-image-box-description\">Para fomentar el deporte local auspiciamos el campeonato local de Atacama Padel realizado durante los meses de abril a junio.<\/p><\/div><\/div>\t\t<\/div>\n\t\t\t\t<\/div>\n\t\t\t\t\t<\/div>\n\t\t<\/div>\n\t\t\t\t<div class=\"elementor-column elementor-col-25 elementor-top-column elementor-element elementor-element-ffc9290\" data-id=\"ffc9290\" data-element_type=\"column\">\n\t\t\t<div class=\"elementor-widget-wrap elementor-element-populated\">\n\t\t\t\t\t\t\t\t<div class=\"elementor-element elementor-element-33991e2 elementor-position-top elementor-invisible elementor-widget elementor-widget-image-box\" data-id=\"33991e2\" data-element_type=\"widget\" data-settings=\"{&quot;_animation&quot;:&quot;fadeInDown&quot;}\" data-widget_type=\"image-box.default\">\n\t\t\t\t<div class=\"elementor-widget-container\">\n\t\t\t<div class=\"elementor-image-box-wrapper\"><figure class=\"elementor-image-box-img\"><img loading=\"lazy\" decoding=\"async\" width=\"768\" height=\"434\" src=\"http:\/\/www.sattelchile.cl\/wp-content\/uploads\/2024\/06\/1700071465567-Web-768x434.jpg\" class=\"elementor-animation-grow attachment-medium_large size-medium_large wp-image-11739\" alt=\"\" srcset=\"http:\/\/www.sattelchile.cl\/wp-content\/uploads\/2024\/06\/1700071465567-Web-768x434.jpg 768w, http:\/\/www.sattelchile.cl\/wp-content\/uploads\/2024\/06\/1700071465567-Web-300x170.jpg 300w, http:\/\/www.sattelchile.cl\/wp-content\/uploads\/2024\/06\/1700071465567-Web-1024x579.jpg 1024w, http:\/\/www.sattelchile.cl\/wp-content\/uploads\/2024\/06\/1700071465567-Web-1536x869.jpg 1536w, http:\/\/www.sattelchile.cl\/wp-content\/uploads\/2024\/06\/1700071465567-Web-18x10.jpg 18w, http:\/\/www.sattelchile.cl\/wp-content\/uploads\/2024\/06\/1700071465567-Web-900x509.jpg 900w, http:\/\/www.sattelchile.cl\/wp-content\/uploads\/2024\/06\/1700071465567-Web.jpg 1600w\" sizes=\"auto, (max-width: 768px) 100vw, 768px\" \/><\/figure><div class=\"elementor-image-box-content\"><p class=\"elementor-image-box-title\">Colaboraci\u00f3n Equipo de Voleibol<\/p><p class=\"elementor-image-box-description\">Para la participaci\u00f3n del equipo local Club Puma en el campeonato internacional Mixto realizado en C\u00f3rdova, realizamos una donaci\u00f3n para sus gastos de participaci\u00f3n.<\/p><\/div><\/div>\t\t<\/div>\n\t\t\t\t<\/div>\n\t\t\t\t\t<\/div>\n\t\t<\/div>\n\t\t\t\t<div class=\"elementor-column elementor-col-25 elementor-top-column elementor-element elementor-element-e43799c\" data-id=\"e43799c\" data-element_type=\"column\">\n\t\t\t<div class=\"elementor-widget-wrap elementor-element-populated\">\n\t\t\t\t\t\t\t\t<div class=\"elementor-element elementor-element-638c0f1 elementor-position-top elementor-invisible elementor-widget elementor-widget-image-box\" data-id=\"638c0f1\" data-element_type=\"widget\" data-settings=\"{&quot;_animation&quot;:&quot;fadeInDown&quot;}\" data-widget_type=\"image-box.default\">\n\t\t\t\t<div class=\"elementor-widget-container\">\n\t\t\t<div class=\"elementor-image-box-wrapper\"><figure class=\"elementor-image-box-img\"><img loading=\"lazy\" decoding=\"async\" width=\"1024\" height=\"576\" src=\"http:\/\/www.sattelchile.cl\/wp-content\/uploads\/2024\/06\/1687985059108-1024x576.jpg\" class=\"elementor-animation-grow attachment-large size-large wp-image-11728\" alt=\"\" srcset=\"http:\/\/www.sattelchile.cl\/wp-content\/uploads\/2024\/06\/1687985059108-1024x576.jpg 1024w, http:\/\/www.sattelchile.cl\/wp-content\/uploads\/2024\/06\/1687985059108-300x169.jpg 300w, http:\/\/www.sattelchile.cl\/wp-content\/uploads\/2024\/06\/1687985059108-768x432.jpg 768w, http:\/\/www.sattelchile.cl\/wp-content\/uploads\/2024\/06\/1687985059108-18x10.jpg 18w, http:\/\/www.sattelchile.cl\/wp-content\/uploads\/2024\/06\/1687985059108-900x506.jpg 900w, http:\/\/www.sattelchile.cl\/wp-content\/uploads\/2024\/06\/1687985059108.jpg 1280w\" sizes=\"auto, (max-width: 1024px) 100vw, 1024px\" \/><\/figure><div class=\"elementor-image-box-content\"><p class=\"elementor-image-box-title\">Actividad Adulto Mayor<\/p><p class=\"elementor-image-box-description\">Para la realizaci\u00f3n de una actividad con club de adulto mayor realizamos la donaci\u00f3n de dulces a CESFAM Santa Elvira.<\/p><\/div><\/div>\t\t<\/div>\n\t\t\t\t<\/div>\n\t\t\t\t\t<\/div>\n\t\t<\/div>\n\t\t\t\t<div class=\"elementor-column elementor-col-25 elementor-top-column elementor-element elementor-element-d1ca878\" data-id=\"d1ca878\" data-element_type=\"column\">\n\t\t\t<div class=\"elementor-widget-wrap elementor-element-populated\">\n\t\t\t\t\t\t\t\t<div class=\"elementor-element elementor-element-fa6d861 elementor-position-top elementor-invisible elementor-widget elementor-widget-image-box\" data-id=\"fa6d861\" data-element_type=\"widget\" data-settings=\"{&quot;_animation&quot;:&quot;fadeInDown&quot;}\" data-widget_type=\"image-box.default\">\n\t\t\t\t<div class=\"elementor-widget-container\">\n\t\t\t<div class=\"elementor-image-box-wrapper\"><figure class=\"elementor-image-box-img\"><img loading=\"lazy\" decoding=\"async\" width=\"1024\" height=\"576\" src=\"http:\/\/www.sattelchile.cl\/wp-content\/uploads\/2024\/06\/1702489161593-1024x576.jpg\" class=\"elementor-animation-grow attachment-large size-large wp-image-11729\" alt=\"\" srcset=\"http:\/\/www.sattelchile.cl\/wp-content\/uploads\/2024\/06\/1702489161593-1024x576.jpg 1024w, http:\/\/www.sattelchile.cl\/wp-content\/uploads\/2024\/06\/1702489161593-300x169.jpg 300w, http:\/\/www.sattelchile.cl\/wp-content\/uploads\/2024\/06\/1702489161593-768x432.jpg 768w, http:\/\/www.sattelchile.cl\/wp-content\/uploads\/2024\/06\/1702489161593-1536x864.jpg 1536w, http:\/\/www.sattelchile.cl\/wp-content\/uploads\/2024\/06\/1702489161593-2048x1152.jpg 2048w, http:\/\/www.sattelchile.cl\/wp-content\/uploads\/2024\/06\/1702489161593-18x10.jpg 18w, http:\/\/www.sattelchile.cl\/wp-content\/uploads\/2024\/06\/1702489161593-900x506.jpg 900w\" sizes=\"auto, (max-width: 1024px) 100vw, 1024px\" \/><\/figure><div class=\"elementor-image-box-content\"><p class=\"elementor-image-box-title\">Fiesta Navide\u00f1a  Santa Elvira<\/p><p class=\"elementor-image-box-description\">En ayuda a la comunidad de Santa Elvira realizamos la donaci\u00f3n de dulces para la celebraci\u00f3n de fiestas navide\u00f1as.<\/p><\/div><\/div>\t\t<\/div>\n\t\t\t\t<\/div>\n\t\t\t\t\t<\/div>\n\t\t<\/div>\n\t\t\t\t\t\t\t<\/div>\n\t\t<\/section>\n\t\t\t\t<section class=\"elementor-section elementor-top-section elementor-element elementor-element-b498d79 elementor-section-boxed elementor-section-height-default elementor-section-height-default\" data-id=\"b498d79\" data-element_type=\"section\">\n\t\t\t\t\t\t<div class=\"elementor-container elementor-column-gap-default\">\n\t\t\t\t\t<div class=\"elementor-column elementor-col-25 elementor-top-column elementor-element elementor-element-e422125\" data-id=\"e422125\" data-element_type=\"column\">\n\t\t\t<div class=\"elementor-widget-wrap elementor-element-populated\">\n\t\t\t\t\t\t\t\t<div class=\"elementor-element elementor-element-646e166 elementor-position-top elementor-invisible elementor-widget elementor-widget-image-box\" data-id=\"646e166\" data-element_type=\"widget\" data-settings=\"{&quot;_animation&quot;:&quot;fadeInDown&quot;}\" data-widget_type=\"image-box.default\">\n\t\t\t\t<div class=\"elementor-widget-container\">\n\t\t\t<div class=\"elementor-image-box-wrapper\"><figure class=\"elementor-image-box-img\"><img loading=\"lazy\" decoding=\"async\" width=\"1024\" height=\"679\" src=\"http:\/\/www.sattelchile.cl\/wp-content\/uploads\/2024\/06\/20231230_0931492-Web-1024x679.jpg\" class=\"elementor-animation-grow attachment-large size-large wp-image-11747\" alt=\"\" srcset=\"http:\/\/www.sattelchile.cl\/wp-content\/uploads\/2024\/06\/20231230_0931492-Web-1024x679.jpg 1024w, http:\/\/www.sattelchile.cl\/wp-content\/uploads\/2024\/06\/20231230_0931492-Web-300x199.jpg 300w, http:\/\/www.sattelchile.cl\/wp-content\/uploads\/2024\/06\/20231230_0931492-Web-768x510.jpg 768w, http:\/\/www.sattelchile.cl\/wp-content\/uploads\/2024\/06\/20231230_0931492-Web-1536x1019.jpg 1536w, http:\/\/www.sattelchile.cl\/wp-content\/uploads\/2024\/06\/20231230_0931492-Web-2048x1359.jpg 2048w, http:\/\/www.sattelchile.cl\/wp-content\/uploads\/2024\/06\/20231230_0931492-Web-18x12.jpg 18w, http:\/\/www.sattelchile.cl\/wp-content\/uploads\/2024\/06\/20231230_0931492-Web-900x597.jpg 900w\" sizes=\"auto, (max-width: 1024px) 100vw, 1024px\" \/><\/figure><div class=\"elementor-image-box-content\"><p class=\"elementor-image-box-title\">Auspicio Atacama Desenfrenadas<\/p><p class=\"elementor-image-box-description\">Con el objetivo de motivar el deporte y a los club locales realizamos la colaboraci\u00f3n para el equipo deportivo del Club de ciclismo de Atacama Desenfrenadas.<\/p><\/div><\/div>\t\t<\/div>\n\t\t\t\t<\/div>\n\t\t\t\t\t<\/div>\n\t\t<\/div>\n\t\t\t\t<div class=\"elementor-column elementor-col-25 elementor-top-column elementor-element elementor-element-cc888aa\" data-id=\"cc888aa\" data-element_type=\"column\">\n\t\t\t<div class=\"elementor-widget-wrap elementor-element-populated\">\n\t\t\t\t\t\t\t\t<div class=\"elementor-element elementor-element-6d65e2e elementor-position-top elementor-invisible elementor-widget elementor-widget-image-box\" data-id=\"6d65e2e\" data-element_type=\"widget\" data-settings=\"{&quot;_animation&quot;:&quot;fadeInDown&quot;}\" data-widget_type=\"image-box.default\">\n\t\t\t\t<div class=\"elementor-widget-container\">\n\t\t\t<div class=\"elementor-image-box-wrapper\"><figure class=\"elementor-image-box-img\"><img loading=\"lazy\" decoding=\"async\" width=\"300\" height=\"209\" src=\"http:\/\/www.sattelchile.cl\/wp-content\/uploads\/2024\/06\/Donacion-3-web-300x209.jpg\" class=\"elementor-animation-grow attachment-medium size-medium wp-image-11756\" alt=\"\" srcset=\"http:\/\/www.sattelchile.cl\/wp-content\/uploads\/2024\/06\/Donacion-3-web-300x209.jpg 300w, http:\/\/www.sattelchile.cl\/wp-content\/uploads\/2024\/06\/Donacion-3-web-1024x712.jpg 1024w, http:\/\/www.sattelchile.cl\/wp-content\/uploads\/2024\/06\/Donacion-3-web-768x534.jpg 768w, http:\/\/www.sattelchile.cl\/wp-content\/uploads\/2024\/06\/Donacion-3-web-18x12.jpg 18w, http:\/\/www.sattelchile.cl\/wp-content\/uploads\/2024\/06\/Donacion-3-web-900x626.jpg 900w, http:\/\/www.sattelchile.cl\/wp-content\/uploads\/2024\/06\/Donacion-3-web-358x250.jpg 358w, http:\/\/www.sattelchile.cl\/wp-content\/uploads\/2024\/06\/Donacion-3-web.jpg 1200w\" sizes=\"auto, (max-width: 300px) 100vw, 300px\" \/><\/figure><div class=\"elementor-image-box-content\"><p class=\"elementor-image-box-title\">Donaci\u00f3n Fiesta Navide\u00f1a JDV Paipote<\/p><p class=\"elementor-image-box-description\">En la celebraci\u00f3n navide\u00f1a de la junta de vecinos de Paipote realizamos una donaci\u00f3n de bebestible para la festividad infantil de la agrupaci\u00f3n.<\/p><\/div><\/div>\t\t<\/div>\n\t\t\t\t<\/div>\n\t\t\t\t\t<\/div>\n\t\t<\/div>\n\t\t\t\t<div class=\"elementor-column elementor-col-25 elementor-top-column elementor-element elementor-element-9e71329\" data-id=\"9e71329\" data-element_type=\"column\">\n\t\t\t<div class=\"elementor-widget-wrap elementor-element-populated\">\n\t\t\t\t\t\t\t\t<div class=\"elementor-element elementor-element-c9e7a2b elementor-position-top elementor-invisible elementor-widget elementor-widget-image-box\" data-id=\"c9e7a2b\" data-element_type=\"widget\" data-settings=\"{&quot;_animation&quot;:&quot;fadeInDown&quot;}\" data-widget_type=\"image-box.default\">\n\t\t\t\t<div class=\"elementor-widget-container\">\n\t\t\t<div class=\"elementor-image-box-wrapper\"><figure class=\"elementor-image-box-img\"><img loading=\"lazy\" decoding=\"async\" width=\"768\" height=\"552\" src=\"http:\/\/www.sattelchile.cl\/wp-content\/uploads\/2024\/06\/IMG-20230504-WA0019-Web-768x552.jpg\" class=\"elementor-animation-grow attachment-medium_large size-medium_large wp-image-11759\" alt=\"\" srcset=\"http:\/\/www.sattelchile.cl\/wp-content\/uploads\/2024\/06\/IMG-20230504-WA0019-Web-768x552.jpg 768w, http:\/\/www.sattelchile.cl\/wp-content\/uploads\/2024\/06\/IMG-20230504-WA0019-Web-300x216.jpg 300w, http:\/\/www.sattelchile.cl\/wp-content\/uploads\/2024\/06\/IMG-20230504-WA0019-Web-1024x736.jpg 1024w, http:\/\/www.sattelchile.cl\/wp-content\/uploads\/2024\/06\/IMG-20230504-WA0019-Web-18x12.jpg 18w, http:\/\/www.sattelchile.cl\/wp-content\/uploads\/2024\/06\/IMG-20230504-WA0019-Web-255x182.jpg 255w, http:\/\/www.sattelchile.cl\/wp-content\/uploads\/2024\/06\/IMG-20230504-WA0019-Web-900x647.jpg 900w, http:\/\/www.sattelchile.cl\/wp-content\/uploads\/2024\/06\/IMG-20230504-WA0019-Web.jpg 1143w\" sizes=\"auto, (max-width: 768px) 100vw, 768px\" \/><\/figure><div class=\"elementor-image-box-content\"><p class=\"elementor-image-box-title\">Auspicio Club de Racing Menores Copiap\u00f3<\/p><p class=\"elementor-image-box-description\">Para seguir fomentando el deporte y a los equipos locales realizamos el auspicio colaborando con club deportivo de Racing Ligas menores de Copiap\u00f3.<\/p><\/div><\/div>\t\t<\/div>\n\t\t\t\t<\/div>\n\t\t\t\t\t<\/div>\n\t\t<\/div>\n\t\t\t\t<div class=\"elementor-column elementor-col-25 elementor-top-column elementor-element elementor-element-7e33fc0\" data-id=\"7e33fc0\" data-element_type=\"column\">\n\t\t\t<div class=\"elementor-widget-wrap elementor-element-populated\">\n\t\t\t\t\t\t\t\t<div class=\"elementor-element elementor-element-837ddfa elementor-position-top elementor-invisible elementor-widget elementor-widget-image-box\" data-id=\"837ddfa\" data-element_type=\"widget\" data-settings=\"{&quot;_animation&quot;:&quot;fadeInDown&quot;}\" data-widget_type=\"image-box.default\">\n\t\t\t\t<div class=\"elementor-widget-container\">\n\t\t\t<div class=\"elementor-image-box-wrapper\"><figure class=\"elementor-image-box-img\"><img loading=\"lazy\" decoding=\"async\" width=\"300\" height=\"225\" src=\"http:\/\/www.sattelchile.cl\/wp-content\/uploads\/2024\/06\/Donacion-1-web-300x225.jpg\" class=\"elementor-animation-grow attachment-medium size-medium wp-image-11761\" alt=\"\" srcset=\"http:\/\/www.sattelchile.cl\/wp-content\/uploads\/2024\/06\/Donacion-1-web-300x225.jpg 300w, http:\/\/www.sattelchile.cl\/wp-content\/uploads\/2024\/06\/Donacion-1-web-1024x768.jpg 1024w, http:\/\/www.sattelchile.cl\/wp-content\/uploads\/2024\/06\/Donacion-1-web-768x576.jpg 768w, http:\/\/www.sattelchile.cl\/wp-content\/uploads\/2024\/06\/Donacion-1-web-1536x1152.jpg 1536w, http:\/\/www.sattelchile.cl\/wp-content\/uploads\/2024\/06\/Donacion-1-web-16x12.jpg 16w, http:\/\/www.sattelchile.cl\/wp-content\/uploads\/2024\/06\/Donacion-1-web-900x675.jpg 900w, http:\/\/www.sattelchile.cl\/wp-content\/uploads\/2024\/06\/Donacion-1-web.jpg 1600w\" sizes=\"auto, (max-width: 300px) 100vw, 300px\" \/><\/figure><div class=\"elementor-image-box-content\"><p class=\"elementor-image-box-title\">Donaci\u00f3n Agrupaci\u00f3n Solidaria Robert Ya\u00f1ez<\/p><p class=\"elementor-image-box-description\">Con el fin de ayudar a nuestra comunidad realizamos una donaci\u00f3n de comestibles para la celebraci\u00f3n del d\u00eda del ni\u00f1o de la agrupaci\u00f3n.<\/p><\/div><\/div>\t\t<\/div>\n\t\t\t\t<\/div>\n\t\t\t\t\t<\/div>\n\t\t<\/div>\n\t\t\t\t\t\t\t<\/div>\n\t\t<\/section>\n\t\t\t\t<section class=\"elementor-section elementor-top-section elementor-element elementor-element-17442177 elementor-section-boxed elementor-section-height-default elementor-section-height-default\" data-id=\"17442177\" data-element_type=\"section\" data-settings=\"{&quot;background_background&quot;:&quot;classic&quot;}\">\n\t\t\t\t\t\t<div class=\"elementor-container elementor-column-gap-default\">\n\t\t\t\t\t<div class=\"elementor-column elementor-col-33 elementor-top-column elementor-element elementor-element-67a7894f\" data-id=\"67a7894f\" data-element_type=\"column\">\n\t\t\t<div class=\"elementor-widget-wrap\">\n\t\t\t\t\t\t\t\t\t<\/div>\n\t\t<\/div>\n\t\t\t\t<div class=\"elementor-column elementor-col-33 elementor-top-column elementor-element elementor-element-3a8942ea\" data-id=\"3a8942ea\" data-element_type=\"column\">\n\t\t\t<div class=\"elementor-widget-wrap elementor-element-populated\">\n\t\t\t\t\t\t\t\t<div class=\"elementor-element elementor-element-145dc8c8 elementor-widget elementor-widget-vc_custom_heading\" data-id=\"145dc8c8\" data-element_type=\"widget\" data-widget_type=\"vc_custom_heading.default\">\n\t\t\t\t<div class=\"elementor-widget-container\">\n\t\t\t<div class=\"vc_custom_heading  consulting_heading_font  text_align_left\" ><div style=\"font-size: 36px;color: #ffffff;text-align: left;line-height: 38px;font-weight:700\" class=\"consulting-custom-title\">Request Advice\n<\/div><\/div>\t\t<\/div>\n\t\t\t\t<\/div>\n\t\t\t\t<div class=\"elementor-element elementor-element-35a5e4d4 elementor-widget elementor-widget-text-editor\" data-id=\"35a5e4d4\" data-element_type=\"widget\" data-widget_type=\"text-editor.default\">\n\t\t\t\t<div class=\"elementor-widget-container\">\n\t\t\t\t\t\t\t<p><span style=\"color: #ffffff; font-size: 13px; line-height: 22px;\">Send us your views and queries through our contact form and in brief we will respond to you.<\/span><\/p>\n\t\t\t\t\t\t<\/div>\n\t\t\t\t<\/div>\n\t\t\t\t\t<\/div>\n\t\t<\/div>\n\t\t\t\t<div class=\"elementor-column elementor-col-33 elementor-top-column elementor-element elementor-element-78031a89\" data-id=\"78031a89\" data-element_type=\"column\">\n\t\t\t<div class=\"elementor-widget-wrap elementor-element-populated\">\n\t\t\t\t\t\t\t\t<div class=\"elementor-element elementor-element-7d1c12b5 elementor-widget elementor-widget-stm_contact_form_7\" data-id=\"7d1c12b5\" data-element_type=\"widget\" data-widget_type=\"stm_contact_form_7.default\">\n\t\t\t\t<div class=\"elementor-widget-container\">\n\t\t\t\n<div class=\"wpcf7 no-js\" id=\"wpcf7-f1284-o1\" lang=\"en-US\" dir=\"ltr\">\n<div class=\"screen-reader-response\"><p role=\"status\" aria-live=\"polite\" aria-atomic=\"true\"><\/p> <ul><\/ul><\/div>\n<form action=\"\/en\/wp-json\/wp\/v2\/pages\/8465#wpcf7-f1284-o1\" method=\"post\" class=\"wpcf7-form init\" aria-label=\"Contact form\" novalidate=\"novalidate\" data-status=\"init\" data-trp-original-action=\"\/en\/wp-json\/wp\/v2\/pages\/8465#wpcf7-f1284-o1\">\n<div style=\"display: none;\">\n<input type=\"hidden\" name=\"_wpcf7\" value=\"1284\" \/>\n<input type=\"hidden\" name=\"_wpcf7_version\" value=\"5.8\" \/>\n<input type=\"hidden\" name=\"_wpcf7_locale\" value=\"en_US\" \/>\n<input type=\"hidden\" name=\"_wpcf7_unit_tag\" value=\"wpcf7-f1284-o1\" \/>\n<input type=\"hidden\" name=\"_wpcf7_container_post\" value=\"0\" \/>\n<input type=\"hidden\" name=\"_wpcf7_posted_data_hash\" value=\"\" \/>\n<input type=\"hidden\" name=\"_wpcf7_recaptcha_response\" value=\"\" \/>\n<\/div>\n<div class=\"request_callback\">\n\t<div class=\"row\">\n\t\t<div class=\"col-lg-6 col-md-6 col-sm-6 col-xs-12\">\n\t\t\t<div class=\"input-group\">\n\t\t\t\t<p><span class=\"wpcf7-form-control-wrap\" data-name=\"nombre\"><input size=\"40\" class=\"wpcf7-form-control wpcf7-text wpcf7-validates-as-required\" aria-required=\"true\" aria-invalid=\"false\" placeholder=\"Name\" value=\"\" type=\"text\" name=\"nombre\" \/><\/span>\n\t\t\t\t<\/p>\n\t\t\t<\/div>\n\t\t<\/div>\n\t\t<div class=\"col-lg-6 col-md-6 col-sm-6 col-xs-12\">\n\t\t\t<div class=\"input-group\">\n\t\t\t\t<p><span class=\"wpcf7-form-control-wrap\" data-name=\"email\"><input size=\"40\" class=\"wpcf7-form-control wpcf7-email wpcf7-validates-as-required wpcf7-text wpcf7-validates-as-email\" aria-required=\"true\" aria-invalid=\"false\" placeholder=\"E-mail\" value=\"\" type=\"email\" name=\"email\" \/><\/span>\n\t\t\t\t<\/p>\n\t\t\t<\/div>\n\t\t<\/div>\n\t\t<div class=\"col-lg-6 col-md-6 col-sm-6 col-xs-12\">\n\t\t\t<div class=\"input-group\">\n\t\t\t\t<p><span class=\"wpcf7-form-control-wrap\" data-name=\"areas\"><select class=\"wpcf7-form-control wpcf7-select\" aria-invalid=\"false\" name=\"areas\"><option value=\"\">Select Area<\/option><option value=\"Servicios\">Services<\/option><option value=\"Productos\">Products<\/option><option value=\"Asesoria\">Advice<\/option><option value=\"Post Venta\">Post-Sale<\/option><\/select><\/span>\n\t\t\t\t<\/p>\n\t\t\t<\/div>\n\t\t<\/div>\n\t\t<div class=\"col-lg-6 col-md-6 col-sm-6 col-xs-12\">\n\t\t\t<div class=\"input-group\">\n\t\t\t\t<p><button type=\"submit\" class=\"button size-lg icon_right\">Send <i class=\"fa fa-chevron-right\"><\/i><\/button>\n\t\t\t\t<\/p>\n\t\t\t<\/div>\n\t\t<\/div>\n\t<\/div>\n<\/div><div class=\"wpcf7-response-output\" aria-hidden=\"true\"><\/div>\n<input type=\"hidden\" name=\"trp-form-language\" value=\"en\"\/><\/form>\n<\/div>\n\t\t<\/div>\n\t\t\t\t<\/div>\n\t\t\t\t\t<\/div>\n\t\t<\/div>\n\t\t\t\t\t\t\t<\/div>\n\t\t<\/section>\n\t\t\t\t<section class=\"elementor-section elementor-top-section elementor-element elementor-element-a15e6a2 elementor-section-boxed elementor-section-height-default elementor-section-height-default\" data-id=\"a15e6a2\" data-element_type=\"section\">\n\t\t\t\t\t\t<div class=\"elementor-container elementor-column-gap-default\">\n\t\t\t\t\t<div class=\"elementor-column elementor-col-100 elementor-top-column elementor-element elementor-element-9d7f845\" data-id=\"9d7f845\" data-element_type=\"column\">\n\t\t\t<div class=\"elementor-widget-wrap\">\n\t\t\t\t\t\t\t\t\t<\/div>\n\t\t<\/div>\n\t\t\t\t\t\t\t<\/div>\n\t\t<\/section>\n\t\t\t\t\t\t\t<\/div>","protected":false},"excerpt":{"rendered":"<p>Responsabilidad Social Empresarial En Sattel Chile, creemos firmemente que el \u00e9xito no solo se mide por nuestros logros econ\u00f3micos, sino tambi\u00e9n por el impacto positivo que generamos en nuestras comunidades. Nos enorgullece compartir algunas de nuestras iniciativas sociales que est\u00e1n marcando la diferencia: Programas Trainee y pr\u00e1cticas\u00a0 Nos hemos asociado con escuelas locales para ofrecer<\/p>","protected":false},"author":1,"featured_media":0,"parent":1147,"menu_order":0,"comment_status":"closed","ping_status":"closed","template":"","meta":{"footnotes":""},"class_list":["post-8465","page","type-page","status-publish","hentry"],"yoast_head":"<!-- This site is optimized with the Yoast SEO plugin v20.13 - https:\/\/yoast.com\/wordpress\/plugins\/seo\/ -->\n<title>RSE - Sattel Chile<\/title>\n<meta name=\"description\" content=\"Responsabilidad Social Empresarial En Sattel Chile, creemos firmemente que el \u00e9xito no solo se mide por nuestros logros econ\u00f3micos, sino tambi\u00e9n por el\" \/>\n<meta name=\"robots\" content=\"index, follow, max-snippet:-1, max-image-preview:large, max-video-preview:-1\" \/>\n<link rel=\"canonical\" href=\"http:\/\/www.sattelchile.cl\/en\/empresa\/responsabilidad-social-empresarial\/\" \/>\n<meta property=\"og:locale\" content=\"en_US\" \/>\n<meta property=\"og:type\" content=\"article\" \/>\n<meta property=\"og:title\" content=\"RSE - Sattel Chile\" \/>\n<meta property=\"og:description\" content=\"Responsabilidad Social Empresarial En Sattel Chile, creemos firmemente que el \u00e9xito no solo se mide por nuestros logros econ\u00f3micos, sino tambi\u00e9n por el\" \/>\n<meta property=\"og:url\" content=\"http:\/\/www.sattelchile.cl\/en\/empresa\/responsabilidad-social-empresarial\/\" \/>\n<meta property=\"og:site_name\" content=\"Sattel Chile\" \/>\n<meta property=\"article:modified_time\" content=\"2024-12-09T12:44:28+00:00\" \/>\n<meta property=\"og:image\" content=\"http:\/\/www.sattelchile.cl\/wp-content\/uploads\/2024\/06\/donacion-2024-web-300x243.jpg\" \/>\n<meta name=\"twitter:card\" content=\"summary_large_image\" \/>\n<meta name=\"twitter:site\" content=\"@SattelChile\" \/>\n<meta name=\"twitter:label1\" content=\"Est. reading time\" \/>\n\t<meta name=\"twitter:data1\" content=\"6 minutes\" \/>\n<script type=\"application\/ld+json\" class=\"yoast-schema-graph\">{\"@context\":\"https:\/\/schema.org\",\"@graph\":[{\"@type\":\"WebPage\",\"@id\":\"http:\/\/www.sattelchile.cl\/empresa\/responsabilidad-social-empresarial\/\",\"url\":\"http:\/\/www.sattelchile.cl\/empresa\/responsabilidad-social-empresarial\/\",\"name\":\"RSE - Sattel Chile\",\"isPartOf\":{\"@id\":\"http:\/\/www.sattelchile.cl\/#website\"},\"datePublished\":\"2021-11-03T15:48:07+00:00\",\"dateModified\":\"2024-12-09T12:44:28+00:00\",\"description\":\"Responsabilidad Social Empresarial En Sattel Chile, creemos firmemente que el \u00e9xito no solo se mide por nuestros logros econ\u00f3micos, sino tambi\u00e9n por el\",\"breadcrumb\":{\"@id\":\"http:\/\/www.sattelchile.cl\/empresa\/responsabilidad-social-empresarial\/#breadcrumb\"},\"inLanguage\":\"en-US\",\"potentialAction\":[{\"@type\":\"ReadAction\",\"target\":[\"http:\/\/www.sattelchile.cl\/empresa\/responsabilidad-social-empresarial\/\"]}]},{\"@type\":\"BreadcrumbList\",\"@id\":\"http:\/\/www.sattelchile.cl\/empresa\/responsabilidad-social-empresarial\/#breadcrumb\",\"itemListElement\":[{\"@type\":\"ListItem\",\"position\":1,\"name\":\"Portada\",\"item\":\"http:\/\/www.sattelchile.cl\/\"},{\"@type\":\"ListItem\",\"position\":2,\"name\":\"Empresa\",\"item\":\"http:\/\/www.sattelchile.cl\/empresa\/\"},{\"@type\":\"ListItem\",\"position\":3,\"name\":\"RSE\"}]},{\"@type\":\"WebSite\",\"@id\":\"http:\/\/www.sattelchile.cl\/#website\",\"url\":\"http:\/\/www.sattelchile.cl\/\",\"name\":\"Sattel Chile\",\"description\":\"Soluciones Tecnol\u00f3gicas y Servicio T\u00e9cnico\",\"potentialAction\":[{\"@type\":\"SearchAction\",\"target\":{\"@type\":\"EntryPoint\",\"urlTemplate\":\"http:\/\/www.sattelchile.cl\/?s={search_term_string}\"},\"query-input\":\"required name=search_term_string\"}],\"inLanguage\":\"en-US\"}]}<\/script>\n<!-- \/ Yoast SEO plugin. -->","yoast_head_json":{"title":"RSE - Sattel Chile","description":"Responsabilidad Social Empresarial En Sattel Chile, creemos firmemente que el \u00e9xito no solo se mide por nuestros logros econ\u00f3micos, sino tambi\u00e9n por el","robots":{"index":"index","follow":"follow","max-snippet":"max-snippet:-1","max-image-preview":"max-image-preview:large","max-video-preview":"max-video-preview:-1"},"canonical":"http:\/\/www.sattelchile.cl\/en\/empresa\/responsabilidad-social-empresarial\/","og_locale":"en_US","og_type":"article","og_title":"RSE - Sattel Chile","og_description":"Responsabilidad Social Empresarial En Sattel Chile, creemos firmemente que el \u00e9xito no solo se mide por nuestros logros econ\u00f3micos, sino tambi\u00e9n por el","og_url":"http:\/\/www.sattelchile.cl\/en\/empresa\/responsabilidad-social-empresarial\/","og_site_name":"Sattel Chile","article_modified_time":"2024-12-09T12:44:28+00:00","og_image":[{"url":"http:\/\/www.sattelchile.cl\/wp-content\/uploads\/2024\/06\/donacion-2024-web-300x243.jpg"}],"twitter_card":"summary_large_image","twitter_site":"@SattelChile","twitter_misc":{"Est. reading time":"6 minutes"},"schema":{"@context":"https:\/\/schema.org","@graph":[{"@type":"WebPage","@id":"http:\/\/www.sattelchile.cl\/empresa\/responsabilidad-social-empresarial\/","url":"http:\/\/www.sattelchile.cl\/empresa\/responsabilidad-social-empresarial\/","name":"RSE - Sattel Chile","isPartOf":{"@id":"http:\/\/www.sattelchile.cl\/#website"},"datePublished":"2021-11-03T15:48:07+00:00","dateModified":"2024-12-09T12:44:28+00:00","description":"Responsabilidad Social Empresarial En Sattel Chile, creemos firmemente que el \u00e9xito no solo se mide por nuestros logros econ\u00f3micos, sino tambi\u00e9n por el","breadcrumb":{"@id":"http:\/\/www.sattelchile.cl\/empresa\/responsabilidad-social-empresarial\/#breadcrumb"},"inLanguage":"en-US","potentialAction":[{"@type":"ReadAction","target":["http:\/\/www.sattelchile.cl\/empresa\/responsabilidad-social-empresarial\/"]}]},{"@type":"BreadcrumbList","@id":"http:\/\/www.sattelchile.cl\/empresa\/responsabilidad-social-empresarial\/#breadcrumb","itemListElement":[{"@type":"ListItem","position":1,"name":"Portada","item":"http:\/\/www.sattelchile.cl\/"},{"@type":"ListItem","position":2,"name":"Empresa","item":"http:\/\/www.sattelchile.cl\/empresa\/"},{"@type":"ListItem","position":3,"name":"RSE"}]},{"@type":"WebSite","@id":"http:\/\/www.sattelchile.cl\/#website","url":"http:\/\/www.sattelchile.cl\/","name":"Sattel Chile","description":"Soluciones Tecnol\u00f3gicas y Servicio T\u00e9cnico","potentialAction":[{"@type":"SearchAction","target":{"@type":"EntryPoint","urlTemplate":"http:\/\/www.sattelchile.cl\/?s={search_term_string}"},"query-input":"required name=search_term_string"}],"inLanguage":"en-US"}]}},"_links":{"self":[{"href":"http:\/\/www.sattelchile.cl\/en\/wp-json\/wp\/v2\/pages\/8465","targetHints":{"allow":["GET"]}}],"collection":[{"href":"http:\/\/www.sattelchile.cl\/en\/wp-json\/wp\/v2\/pages"}],"about":[{"href":"http:\/\/www.sattelchile.cl\/en\/wp-json\/wp\/v2\/types\/page"}],"author":[{"embeddable":true,"href":"http:\/\/www.sattelchile.cl\/en\/wp-json\/wp\/v2\/users\/1"}],"replies":[{"embeddable":true,"href":"http:\/\/www.sattelchile.cl\/en\/wp-json\/wp\/v2\/comments?post=8465"}],"version-history":[{"count":86,"href":"http:\/\/www.sattelchile.cl\/en\/wp-json\/wp\/v2\/pages\/8465\/revisions"}],"predecessor-version":[{"id":12579,"href":"http:\/\/www.sattelchile.cl\/en\/wp-json\/wp\/v2\/pages\/8465\/revisions\/12579"}],"up":[{"embeddable":true,"href":"http:\/\/www.sattelchile.cl\/en\/wp-json\/wp\/v2\/pages\/1147"}],"wp:attachment":[{"href":"http:\/\/www.sattelchile.cl\/en\/wp-json\/wp\/v2\/media?parent=8465"}],"curies":[{"name":"wp","href":"https:\/\/api.w.org\/{rel}","templated":true}]}}